{"id":13707,"date":"2022-03-31T07:39:07","date_gmt":"2022-03-31T07:39:07","guid":{"rendered":"https:\/\/archicon.qodeinteractive.com\/?page_id=16"},"modified":"2025-09-22T08:37:44","modified_gmt":"2025-09-22T08:37:44","slug":"main-home","status":"publish","type":"page","link":"https:\/\/arkitet.it\/en\/","title":{"rendered":"Home"},"content":{"rendered":"\t\t<div data-elementor-type=\"wp-page\" data-elementor-id=\"13707\" class=\"elementor elementor-13707\" data-elementor-post-type=\"page\">\n\t\t\t\t\t\t<section class=\"elementor-section elementor-top-section elementor-element elementor-element-1314ab7 elementor-section-full_width elementor-section-height-default elementor-section-height-default qodef-elementor-content-no\" data-id=\"1314ab7\" data-element_type=\"section\">\n\t\t\t\t\t\t<div class=\"elementor-container elementor-column-gap-default\">\n\t\t\t\t\t<div class=\"elementor-column elementor-col-100 elementor-top-column elementor-element elementor-element-48247f3\" data-id=\"48247f3\" data-element_type=\"column\">\n\t\t\t<div class=\"elementor-widget-wrap elementor-element-populated\">\n\t\t\t\t\t\t<div class=\"elementor-element elementor-element-0009ea6 elementor-widget elementor-widget-slider_revolution\" data-id=\"0009ea6\" data-element_type=\"widget\" data-widget_type=\"slider_revolution.default\">\n\t\t\t\t<div class=\"elementor-widget-container\">\n\t\t\t\t\t\r\n\t\t<div class=\"wp-block-themepunch-revslider\">\n\t\t\t<!-- START Main Home REVOLUTION SLIDER 6.6.10 --><p class=\"rs-p-wp-fix\"><\/p>\n\t\t\t<rs-module-wrap id=\"rev_slider_6_1_wrapper\" data-source=\"gallery\" style=\"visibility:hidden;background:transparent;padding:0;\">\n\t\t\t\t<rs-module id=\"rev_slider_6_1\" style=\"\" data-version=\"6.6.10\">\n\t\t\t\t\t<rs-slides style=\"overflow: hidden; position: absolute;\">\n\t\t\t\t\t\t<rs-slide style=\"position: absolute;\" data-key=\"rs-10\" data-title=\"Slide\" data-thumb=\"\/\/arkitet.it\/wp-content\/uploads\/2025\/06\/Studio-32-1-50x100.jpg\" data-anim=\"ms:1000ms;\" data-in=\"o:0;\" data-out=\"a:false;\">\n\t\t\t\t\t\t\t<img fetchpriority=\"high\" decoding=\"async\" src=\"\/\/arkitet.it\/wp-content\/plugins\/revslider\/public\/assets\/assets\/dummy.png\" alt=\"\" title=\"Studio-32\" width=\"1500\" height=\"1000\" class=\"rev-slidebg tp-rs-img rs-lazyload\" data-lazyload=\"\/\/arkitet.it\/wp-content\/uploads\/2025\/06\/Studio-32-1.jpg\" data-panzoom=\"d:10000;ss:100;se:110%;\" data-no-retina>\n<!---->\t\t\t\t\t\t<\/rs-slide>\n\t\t\t\t\t\t<rs-slide style=\"position: absolute;\" data-key=\"rs-14\" data-title=\"Slide\" data-thumb=\"\/\/arkitet.it\/wp-content\/uploads\/2025\/06\/slider-home-1-50x100.jpg\" data-anim=\"ms:1000ms;\" data-in=\"o:0;\" data-out=\"a:false;\">\n\t\t\t\t\t\t\t<img decoding=\"async\" src=\"\/\/arkitet.it\/wp-content\/plugins\/revslider\/public\/assets\/assets\/dummy.png\" alt=\"\" title=\"slider-home-1\" width=\"1920\" height=\"1080\" class=\"rev-slidebg tp-rs-img rs-lazyload\" data-lazyload=\"\/\/arkitet.it\/wp-content\/uploads\/2025\/06\/slider-home-1.jpg\" data-panzoom=\"d:10000;ss:100;se:110%;\" data-no-retina>\n<!---->\t\t\t\t\t\t<\/rs-slide>\n\t\t\t\t\t\t<rs-slide style=\"position: absolute;\" data-key=\"rs-15\" data-title=\"Slide\" data-thumb=\"\/\/arkitet.it\/wp-content\/uploads\/2025\/06\/slider-home-3-50x100.jpg\" data-anim=\"ms:1000ms;\" data-in=\"o:0;\" data-out=\"a:false;\">\n\t\t\t\t\t\t\t<img decoding=\"async\" src=\"\/\/arkitet.it\/wp-content\/plugins\/revslider\/public\/assets\/assets\/dummy.png\" alt=\"\" title=\"slider-home-3\" width=\"1920\" height=\"1080\" class=\"rev-slidebg tp-rs-img rs-lazyload\" data-lazyload=\"\/\/arkitet.it\/wp-content\/uploads\/2025\/06\/slider-home-3.jpg\" data-panzoom=\"d:10000;ss:100;se:110%;\" data-no-retina>\n<!---->\t\t\t\t\t\t<\/rs-slide>\n\t\t\t\t\t\t<rs-slide style=\"position: absolute;\" data-key=\"rs-16\" data-title=\"Slide\" data-thumb=\"\/\/arkitet.it\/wp-content\/uploads\/2025\/06\/slider-home-4-50x100.jpg\" data-anim=\"ms:1000ms;\" data-in=\"o:0;\" data-out=\"a:false;\">\n\t\t\t\t\t\t\t<img loading=\"lazy\" decoding=\"async\" src=\"\/\/arkitet.it\/wp-content\/plugins\/revslider\/public\/assets\/assets\/dummy.png\" alt=\"\" title=\"slider-home-4\" width=\"1920\" height=\"1080\" class=\"rev-slidebg tp-rs-img rs-lazyload\" data-lazyload=\"\/\/arkitet.it\/wp-content\/uploads\/2025\/06\/slider-home-4.jpg\" data-panzoom=\"d:10000;ss:100;se:110%;\" data-no-retina>\n<!---->\t\t\t\t\t\t<\/rs-slide>\n\t\t\t\t\t\t<rs-slide style=\"position: absolute;\" data-key=\"rs-17\" data-title=\"Slide\" data-thumb=\"\/\/arkitet.it\/wp-content\/uploads\/2025\/06\/Isopan-Est_Romania-50x100.png\" data-anim=\"ms:1000ms;\" data-in=\"o:0;\" data-out=\"a:false;\">\n\t\t\t\t\t\t\t<img loading=\"lazy\" decoding=\"async\" src=\"\/\/arkitet.it\/wp-content\/plugins\/revslider\/public\/assets\/assets\/dummy.png\" alt=\"\" title=\"Isopan Est_Romania\" width=\"1185\" height=\"650\" class=\"rev-slidebg tp-rs-img rs-lazyload\" data-lazyload=\"\/\/arkitet.it\/wp-content\/uploads\/2025\/06\/Isopan-Est_Romania.png\" data-panzoom=\"d:10000;ss:100;se:110%;\" data-no-retina>\n<!---->\t\t\t\t\t\t<\/rs-slide>\n\t\t\t\t\t\t<rs-slide style=\"position: absolute;\" data-key=\"rs-23\" data-title=\"Slide\" data-thumb=\"\/\/arkitet.it\/wp-content\/uploads\/2025\/08\/P1010009-scaled-50x100.jpg\" data-anim=\"ms:1000ms;\" data-in=\"o:0;\" data-out=\"a:false;\">\n\t\t\t\t\t\t\t<img loading=\"lazy\" decoding=\"async\" src=\"\/\/arkitet.it\/wp-content\/plugins\/revslider\/public\/assets\/assets\/dummy.png\" alt=\"\" title=\"OLYMPUS DIGITAL CAMERA\" width=\"2560\" height=\"1920\" class=\"rev-slidebg tp-rs-img rs-lazyload\" data-lazyload=\"\/\/arkitet.it\/wp-content\/uploads\/2025\/08\/P1010009-scaled.jpg\" data-panzoom=\"d:10000;ss:100;se:110%;\" data-no-retina>\n<!---->\t\t\t\t\t\t<\/rs-slide>\n\t\t\t\t\t<\/rs-slides>\n\t\t\t\t\t<rs-static-layers><!--\n\n\t\t\t\t\t\t\t--><rs-layer\n\t\t\t\t\t\t\t\tid=\"slider-6-slide-6-layer-3\" \n\t\t\t\t\t\t\t\tclass=\"rs-layer-static\"\n\t\t\t\t\t\t\t\tdata-type=\"text\"\n\t\t\t\t\t\t\t\tdata-xy=\"xo:77px,75px,50px,24px;y:m;yo:166px,211px,172px,207px;\"\n\t\t\t\t\t\t\t\tdata-text=\"w:normal;s:15;l:23;\"\n\t\t\t\t\t\t\t\tdata-dim=\"w:313px;\"\n\t\t\t\t\t\t\t\tdata-basealign=\"slide\"\n\t\t\t\t\t\t\t\tdata-rsp_o=\"off\"\n\t\t\t\t\t\t\t\tdata-rsp_bd=\"off\"\n\t\t\t\t\t\t\t\tdata-onslides=\"s:1;\"\n\t\t\t\t\t\t\t\tdata-frame_0=\"x:50;\"\n\t\t\t\t\t\t\t\tdata-frame_1=\"e:power1.inOut;st:1090;sp:600;sR:1090;\"\n\t\t\t\t\t\t\t\tdata-frame_999=\"x:-50;o:0;st:w;sp:400;sR:1310;\"\n\t\t\t\t\t\t\t\tstyle=\"z-index:10;font-family:'Roboto';\"\n\t\t\t\t\t\t\t><a href=\"\/progetti\"><button class=\"qodef-button qodef-size--normal qodef-layout--outline qodef-m qodef-button-white\" type=\"submit\"><span class=\"qodef-m-reveal\"><\/span><span class=\"qodef-m-text\">Progetti<\/span><\/button><\/a><br \/>\n<br \/>\n \n\t\t\t\t\t\t\t<\/rs-layer><!--\n\n\t\t\t\t\t\t\t--><rs-layer\n\t\t\t\t\t\t\t\tid=\"slider-6-slide-6-layer-6\" \n\t\t\t\t\t\t\t\tclass=\"rs-layer-static\"\n\t\t\t\t\t\t\t\tdata-type=\"text\"\n\t\t\t\t\t\t\t\tdata-xy=\"xo:78px,75px,50px,25px;y:m;yo:101px,211px,172px,143px;\"\n\t\t\t\t\t\t\t\tdata-text=\"w:normal;s:15;l:23;\"\n\t\t\t\t\t\t\t\tdata-dim=\"w:313px;\"\n\t\t\t\t\t\t\t\tdata-basealign=\"slide\"\n\t\t\t\t\t\t\t\tdata-rsp_o=\"off\"\n\t\t\t\t\t\t\t\tdata-rsp_bd=\"off\"\n\t\t\t\t\t\t\t\tdata-onslides=\"s:1;\"\n\t\t\t\t\t\t\t\tdata-frame_0=\"x:50;\"\n\t\t\t\t\t\t\t\tdata-frame_1=\"e:power1.inOut;st:900;sp:600;sR:900;\"\n\t\t\t\t\t\t\t\tdata-frame_999=\"x:-50;o:0;st:w;sp:400;sR:1500;\"\n\t\t\t\t\t\t\t\tstyle=\"z-index:9;font-family:'Roboto';\"\n\t\t\t\t\t\t\t>Progetti per il tuo futuro<br \/>\n<br \/>\n \n\t\t\t\t\t\t\t<\/rs-layer><!--\n\n\t\t\t\t\t\t\t--><rs-layer\n\t\t\t\t\t\t\t\tid=\"slider-6-slide-6-layer-7\" \n\t\t\t\t\t\t\t\tclass=\"rs-layer-static\"\n\t\t\t\t\t\t\t\tdata-type=\"text\"\n\t\t\t\t\t\t\t\tdata-xy=\"xo:73px,75px,50px,25px;y:m;yo:20px,105px,90px,74px;\"\n\t\t\t\t\t\t\t\tdata-text=\"w:normal;s:72,120,100,45;l:80,105,90,62;\"\n\t\t\t\t\t\t\t\tdata-dim=\"w:auto,auto,auto,305.828px;\"\n\t\t\t\t\t\t\t\tdata-basealign=\"slide\"\n\t\t\t\t\t\t\t\tdata-rsp_o=\"off\"\n\t\t\t\t\t\t\t\tdata-rsp_bd=\"off\"\n\t\t\t\t\t\t\t\tdata-onslides=\"s:1;\"\n\t\t\t\t\t\t\t\tdata-frame_0=\"x:50;\"\n\t\t\t\t\t\t\t\tdata-frame_1=\"e:power3.out;st:700;sp:1000;sR:700;\"\n\t\t\t\t\t\t\t\tdata-frame_999=\"x:-50;o:0;st:w;sp:400;sR:1300;\"\n\t\t\t\t\t\t\t\tstyle=\"z-index:8;font-family:'Roboto';text-transform:uppercase;\"\n\t\t\t\t\t\t\t>E INGEGNERIA \n\t\t\t\t\t\t\t<\/rs-layer><!--\n\n\t\t\t\t\t\t\t--><rs-layer\n\t\t\t\t\t\t\t\tid=\"slider-6-slide-6-layer-8\" \n\t\t\t\t\t\t\t\tclass=\"rs-layer-static\"\n\t\t\t\t\t\t\t\tdata-type=\"text\"\n\t\t\t\t\t\t\t\tdata-xy=\"xo:75px,75px,50px,25px;y:m;yo:-67px,0,0,12px;\"\n\t\t\t\t\t\t\t\tdata-text=\"w:normal;s:72,120,100,45;l:80,105,90,62;\"\n\t\t\t\t\t\t\t\tdata-dim=\"w:auto,auto,auto,305.828px;\"\n\t\t\t\t\t\t\t\tdata-basealign=\"slide\"\n\t\t\t\t\t\t\t\tdata-rsp_o=\"off\"\n\t\t\t\t\t\t\t\tdata-rsp_bd=\"off\"\n\t\t\t\t\t\t\t\tdata-onslides=\"s:1;\"\n\t\t\t\t\t\t\t\tdata-frame_0=\"x:50;\"\n\t\t\t\t\t\t\t\tdata-frame_1=\"y:-1px;e:power3.out;st:500;sp:1000;sR:500;\"\n\t\t\t\t\t\t\t\tdata-frame_999=\"x:-50;o:0;st:w;sp:400;sR:1500;\"\n\t\t\t\t\t\t\t\tstyle=\"z-index:7;font-family:'Roboto';text-transform:uppercase;\"\n\t\t\t\t\t\t\t>ARCHITETTURA<br \/>\n \n\t\t\t\t\t\t\t<\/rs-layer><!--\n\n\t\t\t\t\t\t\t--><rs-layer\n\t\t\t\t\t\t\t\tid=\"slider-6-slide-6-layer-9\" \n\t\t\t\t\t\t\t\tclass=\"rs-layer-static\"\n\t\t\t\t\t\t\t\tdata-type=\"text\"\n\t\t\t\t\t\t\t\tdata-xy=\"xo:75px,75px,50px,25px;y:m;yo:-155px,-106px,-89px,-50px;\"\n\t\t\t\t\t\t\t\tdata-text=\"w:normal;s:72,120,100,45;l:80,105,90,62;\"\n\t\t\t\t\t\t\t\tdata-dim=\"w:auto,auto,auto,305.828px;\"\n\t\t\t\t\t\t\t\tdata-basealign=\"slide\"\n\t\t\t\t\t\t\t\tdata-rsp_o=\"off\"\n\t\t\t\t\t\t\t\tdata-rsp_bd=\"off\"\n\t\t\t\t\t\t\t\tdata-onslides=\"s:1;\"\n\t\t\t\t\t\t\t\tdata-frame_0=\"x:50;\"\n\t\t\t\t\t\t\t\tdata-frame_1=\"e:power3.out;st:300;sp:1000;sR:300;\"\n\t\t\t\t\t\t\t\tdata-frame_999=\"x:-50;o:0;st:w;sp:400;sR:1700;\"\n\t\t\t\t\t\t\t\tstyle=\"z-index:6;font-family:'Roboto';text-transform:uppercase;\"\n\t\t\t\t\t\t\t>STUDIO DI \n\t\t\t\t\t\t\t<\/rs-layer><!--\n\t\t\t\t\t--><\/rs-static-layers>\n\t\t\t\t<\/rs-module>\n\t\t\t\t<script>\n\t\t\t\t\tsetREVStartSize({c: 'rev_slider_6_1',rl:[1240,1024,778,480],el:[900,768,960,720],gw:[1300,1100,600,300],gh:[900,768,960,720],type:'standard',justify:'',layout:'fullscreen',offsetContainer:'',offset:'',mh:\"0\"});if (window.RS_MODULES!==undefined && window.RS_MODULES.modules!==undefined && window.RS_MODULES.modules[\"revslider61\"]!==undefined) {window.RS_MODULES.modules[\"revslider61\"].once = false;window.revapi6 = undefined;if (window.RS_MODULES.checkMinimal!==undefined) window.RS_MODULES.checkMinimal()}\n\t\t\t\t<\/script>\n\t\t\t<\/rs-module-wrap>\n\t\t\t<!-- END REVOLUTION SLIDER -->\n<\/div>\r\n\r\n\t\t\t\t\t\t<\/div>\n\t\t\t\t<\/div>\n\t\t\t\t\t<\/div>\n\t\t<\/div>\n\t\t\t\t\t<\/div>\n\t\t<\/section>\n\t\t\t\t<section class=\"elementor-section elementor-top-section elementor-element elementor-element-2cced0a elementor-section-full_width elementor-section-height-default elementor-section-height-default qodef-elementor-content-no\" data-id=\"2cced0a\" data-element_type=\"section\">\n\t\t\t\t\t\t<div class=\"elementor-container elementor-column-gap-default\">\n\t\t\t\t\t<div class=\"elementor-column elementor-col-100 elementor-top-column elementor-element elementor-element-db09360\" data-id=\"db09360\" data-element_type=\"column\">\n\t\t\t<div class=\"elementor-widget-wrap elementor-element-populated\">\n\t\t\t\t\t\t<div class=\"elementor-element elementor-element-7039475 elementor-widget__width-initial elementor-widget elementor-widget-archicon_core_section_title\" data-id=\"7039475\" data-element_type=\"widget\" data-widget_type=\"archicon_core_section_title.default\">\n\t\t\t\t<div class=\"elementor-widget-container\">\n\t\t\t\t\t<div class=\"qodef-shortcode qodef-m qodef-section-title qodef-alignment--left\"  >\n\t\t\t<h2 class=\"qodef-m-title\" >\n\t<span class=\"qodef-m-title-inner\" style=\"--qodef-st-custom-lh-680: 40px\">\n\t\t\tLo studio nel corso degli anni di attivit\u00e0 ha acquisito notevole esperienza anche in ambiti molto diversi. <br\/> \u00c8 quindi in grado di offrire una consulenza a 360\u00b0 riguardo il mondo del costruire. \t\t<\/span>\n\t<\/h2>\n\t\t<\/div>\n\t\t\t\t<\/div>\n\t\t\t\t<\/div>\n\t\t\t\t\t<\/div>\n\t\t<\/div>\n\t\t\t\t\t<\/div>\n\t\t<\/section>\n\t\t\t\t<section class=\"elementor-section elementor-top-section elementor-element elementor-element-0082377 elementor-section-full_width elementor-section-height-default elementor-section-height-default qodef-elementor-content-no\" data-id=\"0082377\" data-element_type=\"section\">\n\t\t\t\t\t\t<div class=\"elementor-container elementor-column-gap-custom\">\n\t\t\t\t\t<div class=\"elementor-column elementor-col-33 elementor-top-column elementor-element elementor-element-eaee7e9 icona-block\" data-id=\"eaee7e9\" data-element_type=\"column\">\n\t\t\t<div class=\"elementor-widget-wrap elementor-element-populated\">\n\t\t\t\t\t\t<div class=\"elementor-element elementor-element-54cd03d elementor-widget__width-initial elementor-widget elementor-widget-archicon_core_icon_with_text\" data-id=\"54cd03d\" data-element_type=\"widget\" data-widget_type=\"archicon_core_icon_with_text.default\">\n\t\t\t\t<div class=\"elementor-widget-container\">\n\t\t\t\t\t<div class=\"qodef-shortcode qodef-m qodef-icon-with-text qodef-layout--top qodef--custom-icon qodef-alignment--left\">\n\t<div class=\"qodef-m-icon-wrapper\">\n\t\t\t\t\t<a itemprop=\"url\" href=\"https:\/\/arkitet.it\/progetti\/?portfolio_category=residenziali\" target=\"_self\">\n\t\t\t<img loading=\"lazy\" decoding=\"async\" width=\"70\" height=\"70\" src=\"https:\/\/arkitet.it\/wp-content\/uploads\/2023\/03\/icona-residenziale.svg\" class=\"attachment-full size-full\" alt=\"\" \/>\t\t\t<\/a>\n\t\t<\/div>\n\t<div class=\"qodef-m-content\">\n\t\t\t<h3 class=\"qodef-m-title\" >\n\t\t\t\t\t<a itemprop=\"url\" href=\"https:\/\/arkitet.it\/progetti\/?portfolio_category=residenziali\" target=\"_self\">\n\t\t\t\t\t<span class=\"qodef-m-title-text\">Residenziale<\/span>\n\t\t\t\t\t<\/a>\n\t\t\t<\/h3>\n\t\t\t<p class=\"qodef-m-text\" >L&#039;ambiente interno \u00e8 l&#039;espressione ultima del vivere lo spazio, generato dal progetto architettonico complessivo, che lo studio ha avuto modo di sviluppare in numerosi interventi di nuova costruzione, ma soprattutto di ristrutturazione anche con ampliamento volumetrico.<\/p>\n\t<\/div>\n<\/div>\n\t\t\t\t<\/div>\n\t\t\t\t<\/div>\n\t\t\t\t\t<\/div>\n\t\t<\/div>\n\t\t\t\t<div class=\"elementor-column elementor-col-33 elementor-top-column elementor-element elementor-element-ae2fe1f icona-block\" data-id=\"ae2fe1f\" data-element_type=\"column\">\n\t\t\t<div class=\"elementor-widget-wrap elementor-element-populated\">\n\t\t\t\t\t\t<div class=\"elementor-element elementor-element-01941aa elementor-widget__width-initial elementor-widget elementor-widget-archicon_core_icon_with_text\" data-id=\"01941aa\" data-element_type=\"widget\" data-widget_type=\"archicon_core_icon_with_text.default\">\n\t\t\t\t<div class=\"elementor-widget-container\">\n\t\t\t\t\t<div class=\"qodef-shortcode qodef-m qodef-icon-with-text qodef-layout--top qodef--custom-icon qodef-alignment--left\">\n\t<div class=\"qodef-m-icon-wrapper\">\n\t\t\t\t\t<a itemprop=\"url\" href=\"https:\/\/arkitet.it\/progetti\/?portfolio_category=studi-odontoiatrici\" target=\"_self\">\n\t\t\t<img loading=\"lazy\" decoding=\"async\" width=\"70\" height=\"70\" src=\"https:\/\/arkitet.it\/wp-content\/uploads\/2023\/03\/icona-dentista.svg\" class=\"attachment-full size-full\" alt=\"\" \/>\t\t\t<\/a>\n\t\t<\/div>\n\t<div class=\"qodef-m-content\">\n\t\t\t<h3 class=\"qodef-m-title\" >\n\t\t\t\t\t<a itemprop=\"url\" href=\"https:\/\/arkitet.it\/progetti\/?portfolio_category=studi-odontoiatrici\" target=\"_self\">\n\t\t\t\t\t<span class=\"qodef-m-title-text\">Studi Odontoiatrici<\/span>\n\t\t\t\t\t<\/a>\n\t\t\t<\/h3>\n\t\t\t<p class=\"qodef-m-text\" >Uno studio odontoiatrico per vincere le attuali sfide del mercato necessita di ambienti altamente funzionali, un dettagliato studio ergonomico degli spazi e dei percorsi interni ed esigenze impiantistiche specifiche ed altamente tecnologiche. <\/p>\n\t<\/div>\n<\/div>\n\t\t\t\t<\/div>\n\t\t\t\t<\/div>\n\t\t\t\t\t<\/div>\n\t\t<\/div>\n\t\t\t\t<div class=\"elementor-column elementor-col-33 elementor-top-column elementor-element elementor-element-0bf32c4 icona-block\" data-id=\"0bf32c4\" data-element_type=\"column\">\n\t\t\t<div class=\"elementor-widget-wrap elementor-element-populated\">\n\t\t\t\t\t\t<div class=\"elementor-element elementor-element-5e9bdbc elementor-widget__width-initial elementor-widget elementor-widget-archicon_core_icon_with_text\" data-id=\"5e9bdbc\" data-element_type=\"widget\" data-widget_type=\"archicon_core_icon_with_text.default\">\n\t\t\t\t<div class=\"elementor-widget-container\">\n\t\t\t\t\t<div class=\"qodef-shortcode qodef-m qodef-icon-with-text qodef-layout--top qodef--custom-icon qodef-alignment--left\">\n\t<div class=\"qodef-m-icon-wrapper\">\n\t\t\t\t\t<a itemprop=\"url\" href=\"https:\/\/arkitet.it\/progetti\/?portfolio_category=luoghi-di-culto\" target=\"_self\">\n\t\t\t<img loading=\"lazy\" decoding=\"async\" width=\"70\" height=\"70\" src=\"https:\/\/arkitet.it\/wp-content\/uploads\/2023\/03\/icona-culto.svg\" class=\"attachment-full size-full\" alt=\"\" \/>\t\t\t<\/a>\n\t\t<\/div>\n\t<div class=\"qodef-m-content\">\n\t\t\t<h3 class=\"qodef-m-title\" >\n\t\t\t\t\t<a itemprop=\"url\" href=\"https:\/\/arkitet.it\/progetti\/?portfolio_category=luoghi-di-culto\" target=\"_self\">\n\t\t\t\t\t<span class=\"qodef-m-title-text\">Luoghi di culto<\/span>\n\t\t\t\t\t<\/a>\n\t\t\t<\/h3>\n\t\t\t<p class=\"qodef-m-text\" >Significativa \u00e8 l\u2019esperienza progettuale maturata per i luoghi di culto, in particolare chiese, che ha portato a sviluppare diversi spazi liturgici, arredi sacri e finitura d\u2019interni, con la collaborazione di artisti, liturgisti, musicisti, per conto di committenze religiose.<\/p>\n\t<\/div>\n<\/div>\n\t\t\t\t<\/div>\n\t\t\t\t<\/div>\n\t\t\t\t\t<\/div>\n\t\t<\/div>\n\t\t\t\t\t<\/div>\n\t\t<\/section>\n\t\t\t\t<section class=\"elementor-section elementor-top-section elementor-element elementor-element-00b85e8 elementor-section-full_width elementor-section-height-default elementor-section-height-default qodef-elementor-content-no\" data-id=\"00b85e8\" data-element_type=\"section\">\n\t\t\t\t\t\t<div class=\"elementor-container elementor-column-gap-custom\">\n\t\t\t\t\t<div class=\"elementor-column elementor-col-33 elementor-top-column elementor-element elementor-element-bec781a icona-block\" data-id=\"bec781a\" data-element_type=\"column\">\n\t\t\t<div class=\"elementor-widget-wrap elementor-element-populated\">\n\t\t\t\t\t\t<div class=\"elementor-element elementor-element-5f72050 elementor-widget__width-initial elementor-widget elementor-widget-archicon_core_icon_with_text\" data-id=\"5f72050\" data-element_type=\"widget\" data-widget_type=\"archicon_core_icon_with_text.default\">\n\t\t\t\t<div class=\"elementor-widget-container\">\n\t\t\t\t\t<div class=\"qodef-shortcode qodef-m qodef-icon-with-text qodef-layout--top qodef--custom-icon qodef-alignment--left\">\n\t<div class=\"qodef-m-icon-wrapper\">\n\t\t\t\t\t<a itemprop=\"url\" href=\"https:\/\/arkitet.it\/progetti\/?portfolio_category=edifici-storici\" target=\"_self\">\n\t\t\t<img loading=\"lazy\" decoding=\"async\" width=\"70\" height=\"70\" src=\"https:\/\/arkitet.it\/wp-content\/uploads\/2025\/06\/Edifici-storici.svg\" class=\"attachment-full size-full\" alt=\"\" \/>\t\t\t<\/a>\n\t\t<\/div>\n\t<div class=\"qodef-m-content\">\n\t\t\t<h3 class=\"qodef-m-title\" >\n\t\t\t\t\t<a itemprop=\"url\" href=\"https:\/\/arkitet.it\/progetti\/?portfolio_category=edifici-storici\" target=\"_self\">\n\t\t\t\t\t<span class=\"qodef-m-title-text\">Edifici Storici<\/span>\n\t\t\t\t\t<\/a>\n\t\t\t<\/h3>\n\t\t\t<p class=\"qodef-m-text\" >Le numerose esperienze di interventi edilizi su edifici storici e monumentali hanno permesso di sviluppare le problematiche specifiche connesse a tale tipologia d&#039;intervento, partendo dalle fasi di analisi iniziali, dialogando con le Soprintendenze o Enti deputati al controllo per l&#039;ottenimento dei pareri autorizzativi.<\/p>\n\t<\/div>\n<\/div>\n\t\t\t\t<\/div>\n\t\t\t\t<\/div>\n\t\t\t\t\t<\/div>\n\t\t<\/div>\n\t\t\t\t<div class=\"elementor-column elementor-col-33 elementor-top-column elementor-element elementor-element-afb4949 icona-block\" data-id=\"afb4949\" data-element_type=\"column\">\n\t\t\t<div class=\"elementor-widget-wrap elementor-element-populated\">\n\t\t\t\t\t\t<div class=\"elementor-element elementor-element-4e56617 elementor-widget__width-initial elementor-widget elementor-widget-archicon_core_icon_with_text\" data-id=\"4e56617\" data-element_type=\"widget\" data-widget_type=\"archicon_core_icon_with_text.default\">\n\t\t\t\t<div class=\"elementor-widget-container\">\n\t\t\t\t\t<div class=\"qodef-shortcode qodef-m qodef-icon-with-text qodef-layout--top qodef--custom-icon qodef-alignment--left\">\n\t<div class=\"qodef-m-icon-wrapper\">\n\t\t\t\t\t<a itemprop=\"url\" href=\"https:\/\/arkitet.it\/progetti\/?portfolio_category=edifici-produttivi-terziario\" target=\"_self\">\n\t\t\t<img loading=\"lazy\" decoding=\"async\" width=\"70\" height=\"70\" src=\"https:\/\/arkitet.it\/wp-content\/uploads\/2025\/06\/Terziario.svg\" class=\"attachment-full size-full\" alt=\"\" \/>\t\t\t<\/a>\n\t\t<\/div>\n\t<div class=\"qodef-m-content\">\n\t\t\t<h3 class=\"qodef-m-title\" >\n\t\t\t\t\t<a itemprop=\"url\" href=\"https:\/\/arkitet.it\/progetti\/?portfolio_category=edifici-produttivi-terziario\" target=\"_self\">\n\t\t\t\t\t<span class=\"qodef-m-title-text\">Edifici Produttivi\/terziario<\/span>\n\t\t\t\t\t<\/a>\n\t\t\t<\/h3>\n\t\t\t<p class=\"qodef-m-text\" >Da decenni lo studio segue importanti realt\u00e0 imprenditoriali veronesi, in particolare un gruppo industriale presente in vari siti produttivi europei. L\u2019attenzione alla definizione degli obiettivi funzionali con la gestione corretta dei tempi e costi, ha permesso di realizzare con piena soddisfazione numerose opere. Molto apprezzato \u00e8 il supporto a 360\u00b0 che lo studio fornisce. Attraverso una progettazione integrata che considera i vari aspetti, poi applicata nelle fasi realizzative, permette di sollevare il cliente da inutili pensieri e perdite di tempo.<\/p>\n\t<\/div>\n<\/div>\n\t\t\t\t<\/div>\n\t\t\t\t<\/div>\n\t\t\t\t\t<\/div>\n\t\t<\/div>\n\t\t\t\t<div class=\"elementor-column elementor-col-33 elementor-top-column elementor-element elementor-element-2183618 icona-block\" data-id=\"2183618\" data-element_type=\"column\">\n\t\t\t<div class=\"elementor-widget-wrap elementor-element-populated\">\n\t\t\t\t\t\t<div class=\"elementor-element elementor-element-097570c elementor-widget__width-initial elementor-widget elementor-widget-archicon_core_icon_with_text\" data-id=\"097570c\" data-element_type=\"widget\" data-widget_type=\"archicon_core_icon_with_text.default\">\n\t\t\t\t<div class=\"elementor-widget-container\">\n\t\t\t\t\t<div class=\"qodef-shortcode qodef-m qodef-icon-with-text qodef-layout--top qodef--custom-icon qodef-alignment--left\">\n\t<div class=\"qodef-m-icon-wrapper\">\n\t\t\t\t\t<a itemprop=\"url\" href=\"https:\/\/arkitet.it\/progetti\/?portfolio_category=altri-lavori\" target=\"_self\">\n\t\t\t<img loading=\"lazy\" decoding=\"async\" width=\"70\" height=\"70\" src=\"https:\/\/arkitet.it\/wp-content\/uploads\/2023\/03\/icona-altro.svg\" class=\"attachment-full size-full\" alt=\"\" \/>\t\t\t<\/a>\n\t\t<\/div>\n\t<div class=\"qodef-m-content\">\n\t\t\t<h3 class=\"qodef-m-title\" >\n\t\t\t\t\t<a itemprop=\"url\" href=\"https:\/\/arkitet.it\/progetti\/?portfolio_category=altri-lavori\" target=\"_self\">\n\t\t\t\t\t<span class=\"qodef-m-title-text\">Altri lavori<\/span>\n\t\t\t\t\t<\/a>\n\t\t\t<\/h3>\n\t\t\t<p class=\"qodef-m-text\" >L\u2019esperienza maturata in tipologie edilizie di cos\u00ec varia natura, permette allo studio di gestire situazioni complesse e multifunzionali. La predisposizione al problem solving consente di affrontare sfide dove la flessibilit\u00e0 ed il sapere adottare strategie creative risulta fondamentale per raggiungere gli obiettivi.<\/p>\n\t<\/div>\n<\/div>\n\t\t\t\t<\/div>\n\t\t\t\t<\/div>\n\t\t\t\t\t<\/div>\n\t\t<\/div>\n\t\t\t\t\t<\/div>\n\t\t<\/section>\n\t\t\t\t<section class=\"elementor-section elementor-top-section elementor-element elementor-element-8a87522 elementor-section-full_width section-title-link elementor-section-height-default elementor-section-height-default qodef-elementor-content-no\" data-id=\"8a87522\" data-element_type=\"section\" data-settings=\"{&quot;background_background&quot;:&quot;classic&quot;}\">\n\t\t\t\t\t\t<div class=\"elementor-container elementor-column-gap-default\">\n\t\t\t\t\t<div class=\"elementor-column elementor-col-100 elementor-top-column elementor-element elementor-element-f8cc413\" data-id=\"f8cc413\" data-element_type=\"column\" data-settings=\"{&quot;background_background&quot;:&quot;classic&quot;}\">\n\t\t\t<div class=\"elementor-widget-wrap elementor-element-populated\">\n\t\t\t\t\t\t<div class=\"elementor-element elementor-element-b48ce8d elementor-widget__width-initial title-link elementor-widget elementor-widget-archicon_core_section_title\" data-id=\"b48ce8d\" data-element_type=\"widget\" data-widget_type=\"archicon_core_section_title.default\">\n\t\t\t\t<div class=\"elementor-widget-container\">\n\t\t\t\t\t<div class=\"qodef-shortcode qodef-m qodef-section-title qodef-alignment--left\"  >\n\t\t\t<h2 class=\"qodef-m-title\" >\n\t<span class=\"qodef-m-title-inner\" >\n\t\t\tProgetti\t\t<\/span>\n\t<\/h2>\n\t\t\t\t<div class=\"qodef-m-button\" >\n\t\t<a class=\"qodef-shortcode qodef-m qodef-button qodef-layout--filled qodef-html--link\" href=\"https:\/\/arkitet.it\/progetti\/\" target=\"_self\"  >\t<span class=\"qodef-m-text\">Scopri<\/span><\/a>\t<\/div>\n<\/div>\n\t\t\t\t<\/div>\n\t\t\t\t<\/div>\n\t\t\t\t<div class=\"elementor-element elementor-element-deeb776 elementor-widget elementor-widget-shortcode\" data-id=\"deeb776\" data-element_type=\"widget\" data-widget_type=\"shortcode.default\">\n\t\t\t\t<div class=\"elementor-widget-container\">\n\t\t\t\t\t\t\t<div class=\"elementor-shortcode\">    \n    <div class=\"arkitet-portfolio-wrapper\">\n        <div class=\"arkitet-portfolio-container\" id=\"arkitet-portfolio-container\" data-posts-per-page=\"6\" data-columns=\"3\" data-latest-per-category=\"true\">\n            \n            <div class=\"arkitet-portfolio-section\">\n                                \n                <div class=\"arkitet-portfolio-main\">\n                    <div class=\"arkitet-portfolio-grid arkitet-columns-3\">\n                        <div class=\"arkitet-portfolio-item cat-studi-odontoiatrici\" data-categories=\"studi-odontoiatrici\"><div class=\"arkitet-portfolio-item-inner\"><div class=\"arkitet-portfolio-image\"><a href=\"https:\/\/arkitet.it\/en\/progetti\/studio-gualini-maironi-lovere\/\" class=\"arkitet-portfolio-link\"><img loading=\"lazy\" decoding=\"async\" width=\"768\" height=\"575\" src=\"https:\/\/arkitet.it\/wp-content\/uploads\/2025\/12\/021_FilippoMolena_Tecnostile_StudioGualiniMaironi_H-768x575.jpg\" class=\"arkitet-portfolio-img wp-post-image\" alt=\"\" srcset=\"https:\/\/arkitet.it\/wp-content\/uploads\/2025\/12\/021_FilippoMolena_Tecnostile_StudioGualiniMaironi_H-768x575.jpg 768w, https:\/\/arkitet.it\/wp-content\/uploads\/2025\/12\/021_FilippoMolena_Tecnostile_StudioGualiniMaironi_H-300x225.jpg 300w, https:\/\/arkitet.it\/wp-content\/uploads\/2025\/12\/021_FilippoMolena_Tecnostile_StudioGualiniMaironi_H-1024x767.jpg 1024w, https:\/\/arkitet.it\/wp-content\/uploads\/2025\/12\/021_FilippoMolena_Tecnostile_StudioGualiniMaironi_H-1536x1150.jpg 1536w, https:\/\/arkitet.it\/wp-content\/uploads\/2025\/12\/021_FilippoMolena_Tecnostile_StudioGualiniMaironi_H-2048x1534.jpg 2048w, https:\/\/arkitet.it\/wp-content\/uploads\/2025\/12\/021_FilippoMolena_Tecnostile_StudioGualiniMaironi_H-16x12.jpg 16w\" sizes=\"(max-width: 768px) 100vw, 768px\" \/><div class=\"arkitet-portfolio-overlay\"><div class=\"arkitet-portfolio-overlay-content\"><p class=\"arkitet-portfolio-overlay-categories\">Studi odontoiatrici<\/p><h3 class=\"arkitet-portfolio-overlay-title\">Studio Gualini-Maironi &#8211; Lovere<\/h3><\/div><\/div><\/a><\/div><div class=\"arkitet-portfolio-content\"><p class=\"arkitet-portfolio-meta\">Studi odontoiatrici<\/p><h3 class=\"arkitet-portfolio-title\"><a href=\"https:\/\/arkitet.it\/en\/progetti\/studio-gualini-maironi-lovere\/\" class=\"arkitet-portfolio-title-link\">Studio Gualini-Maironi &#8211; Lovere<\/a><\/h3><\/div><\/div><\/div><div class=\"arkitet-portfolio-item cat-residenziali cat-edifici-storici\" data-categories=\"residenziali,edifici-storici\"><div class=\"arkitet-portfolio-item-inner\"><div class=\"arkitet-portfolio-image\"><a href=\"https:\/\/arkitet.it\/en\/progetti\/edificio-storico-via-marconi\/\" class=\"arkitet-portfolio-link\"><img loading=\"lazy\" decoding=\"async\" width=\"768\" height=\"576\" src=\"https:\/\/arkitet.it\/wp-content\/uploads\/2025\/06\/IMG_1230-768x576.jpg\" class=\"arkitet-portfolio-img wp-post-image\" alt=\"\" srcset=\"https:\/\/arkitet.it\/wp-content\/uploads\/2025\/06\/IMG_1230-768x576.jpg 768w, https:\/\/arkitet.it\/wp-content\/uploads\/2025\/06\/IMG_1230-300x225.jpg 300w, https:\/\/arkitet.it\/wp-content\/uploads\/2025\/06\/IMG_1230-1024x768.jpg 1024w, https:\/\/arkitet.it\/wp-content\/uploads\/2025\/06\/IMG_1230-1536x1152.jpg 1536w, https:\/\/arkitet.it\/wp-content\/uploads\/2025\/06\/IMG_1230-2048x1536.jpg 2048w, https:\/\/arkitet.it\/wp-content\/uploads\/2025\/06\/IMG_1230-600x450.jpg 600w\" sizes=\"(max-width: 768px) 100vw, 768px\" \/><div class=\"arkitet-portfolio-overlay\"><div class=\"arkitet-portfolio-overlay-content\"><p class=\"arkitet-portfolio-overlay-categories\">Residenziali, Edifici storici<\/p><h3 class=\"arkitet-portfolio-overlay-title\">Edificio Storico &#8211; Via Marconi<\/h3><\/div><\/div><\/a><\/div><div class=\"arkitet-portfolio-content\"><p class=\"arkitet-portfolio-meta\">Residenziali, Edifici storici<\/p><h3 class=\"arkitet-portfolio-title\"><a href=\"https:\/\/arkitet.it\/en\/progetti\/edificio-storico-via-marconi\/\" class=\"arkitet-portfolio-title-link\">Edificio Storico &#8211; Via Marconi<\/a><\/h3><\/div><\/div><\/div><div class=\"arkitet-portfolio-item cat-edifici-storici cat-altri-lavori\" data-categories=\"edifici-storici,altri-lavori\"><div class=\"arkitet-portfolio-item-inner\"><div class=\"arkitet-portfolio-image\"><a href=\"https:\/\/arkitet.it\/en\/progetti\/ex-chiusa-di-san-giacomo-alla-pigna\/\" class=\"arkitet-portfolio-link\"><img loading=\"lazy\" decoding=\"async\" width=\"768\" height=\"576\" src=\"https:\/\/arkitet.it\/wp-content\/uploads\/2025\/06\/P3310017-768x576.jpg\" class=\"arkitet-portfolio-img wp-post-image\" alt=\"\" srcset=\"https:\/\/arkitet.it\/wp-content\/uploads\/2025\/06\/P3310017-768x576.jpg 768w, https:\/\/arkitet.it\/wp-content\/uploads\/2025\/06\/P3310017-300x225.jpg 300w, https:\/\/arkitet.it\/wp-content\/uploads\/2025\/06\/P3310017-1024x768.jpg 1024w, https:\/\/arkitet.it\/wp-content\/uploads\/2025\/06\/P3310017-1536x1152.jpg 1536w, https:\/\/arkitet.it\/wp-content\/uploads\/2025\/06\/P3310017-2048x1536.jpg 2048w, https:\/\/arkitet.it\/wp-content\/uploads\/2025\/06\/P3310017-600x450.jpg 600w\" sizes=\"(max-width: 768px) 100vw, 768px\" \/><div class=\"arkitet-portfolio-overlay\"><div class=\"arkitet-portfolio-overlay-content\"><p class=\"arkitet-portfolio-overlay-categories\">Edifici storici, Altri lavori<\/p><h3 class=\"arkitet-portfolio-overlay-title\">EX Chiesa di San Giacomo alla Pigna<\/h3><\/div><\/div><\/a><\/div><div class=\"arkitet-portfolio-content\"><p class=\"arkitet-portfolio-meta\">Edifici storici, Altri lavori<\/p><h3 class=\"arkitet-portfolio-title\"><a href=\"https:\/\/arkitet.it\/en\/progetti\/ex-chiusa-di-san-giacomo-alla-pigna\/\" class=\"arkitet-portfolio-title-link\">EX Chiesa di San Giacomo alla Pigna<\/a><\/h3><\/div><\/div><\/div><div class=\"arkitet-portfolio-item cat-edifici-storici cat-altri-lavori\" data-categories=\"edifici-storici,altri-lavori\"><div class=\"arkitet-portfolio-item-inner\"><div class=\"arkitet-portfolio-image\"><a href=\"https:\/\/arkitet.it\/en\/progetti\/annesso-alleremo-dei-ss-benigno-e-caro\/\" class=\"arkitet-portfolio-link\"><img loading=\"lazy\" decoding=\"async\" width=\"768\" height=\"576\" src=\"https:\/\/arkitet.it\/wp-content\/uploads\/2025\/06\/ritocco1-768x576.jpg\" class=\"arkitet-portfolio-img wp-post-image\" alt=\"\" srcset=\"https:\/\/arkitet.it\/wp-content\/uploads\/2025\/06\/ritocco1-768x576.jpg 768w, https:\/\/arkitet.it\/wp-content\/uploads\/2025\/06\/ritocco1-300x225.jpg 300w, https:\/\/arkitet.it\/wp-content\/uploads\/2025\/06\/ritocco1-1024x768.jpg 1024w, https:\/\/arkitet.it\/wp-content\/uploads\/2025\/06\/ritocco1-600x450.jpg 600w, https:\/\/arkitet.it\/wp-content\/uploads\/2025\/06\/ritocco1.jpg 1280w\" sizes=\"(max-width: 768px) 100vw, 768px\" \/><div class=\"arkitet-portfolio-overlay\"><div class=\"arkitet-portfolio-overlay-content\"><p class=\"arkitet-portfolio-overlay-categories\">Edifici storici, Altri lavori<\/p><h3 class=\"arkitet-portfolio-overlay-title\">Annesso All\u2019eremo Dei Ss. Benigno E Caro<\/h3><\/div><\/div><\/a><\/div><div class=\"arkitet-portfolio-content\"><p class=\"arkitet-portfolio-meta\">Edifici storici, Altri lavori<\/p><h3 class=\"arkitet-portfolio-title\"><a href=\"https:\/\/arkitet.it\/en\/progetti\/annesso-alleremo-dei-ss-benigno-e-caro\/\" class=\"arkitet-portfolio-title-link\">Annesso All\u2019eremo Dei Ss. Benigno E Caro<\/a><\/h3><\/div><\/div><\/div><div class=\"arkitet-portfolio-item cat-residenziali cat-edifici-produttivi-terziario\" data-categories=\"residenziali,edifici-produttivi-terziario\"><div class=\"arkitet-portfolio-item-inner\"><div class=\"arkitet-portfolio-image\"><a href=\"https:\/\/arkitet.it\/en\/progetti\/sede-arkitet-studio\/\" class=\"arkitet-portfolio-link\"><img loading=\"lazy\" decoding=\"async\" width=\"768\" height=\"500\" src=\"https:\/\/arkitet.it\/wp-content\/uploads\/2025\/06\/Studio-58-768x500.jpg\" class=\"arkitet-portfolio-img wp-post-image\" alt=\"\" srcset=\"https:\/\/arkitet.it\/wp-content\/uploads\/2025\/06\/Studio-58-768x500.jpg 768w, https:\/\/arkitet.it\/wp-content\/uploads\/2025\/06\/Studio-58-300x195.jpg 300w, https:\/\/arkitet.it\/wp-content\/uploads\/2025\/06\/Studio-58-1024x667.jpg 1024w, https:\/\/arkitet.it\/wp-content\/uploads\/2025\/06\/Studio-58-600x391.jpg 600w, https:\/\/arkitet.it\/wp-content\/uploads\/2025\/06\/Studio-58.jpg 1500w\" sizes=\"(max-width: 768px) 100vw, 768px\" \/><div class=\"arkitet-portfolio-overlay\"><div class=\"arkitet-portfolio-overlay-content\"><p class=\"arkitet-portfolio-overlay-categories\">Residenziali, Edifici Produttivi\/terziario<\/p><h3 class=\"arkitet-portfolio-overlay-title\">Sede Arkitet Studio<\/h3><\/div><\/div><\/a><\/div><div class=\"arkitet-portfolio-content\"><p class=\"arkitet-portfolio-meta\">Residenziali, Edifici Produttivi\/terziario<\/p><h3 class=\"arkitet-portfolio-title\"><a href=\"https:\/\/arkitet.it\/en\/progetti\/sede-arkitet-studio\/\" class=\"arkitet-portfolio-title-link\">Sede Arkitet Studio<\/a><\/h3><\/div><\/div><\/div><div class=\"arkitet-portfolio-item cat-luoghi-di-culto\" data-categories=\"luoghi-di-culto\"><div class=\"arkitet-portfolio-item-inner\"><div class=\"arkitet-portfolio-image\"><a href=\"https:\/\/arkitet.it\/en\/progetti\/monastero-di-clausura-serve-di-maria\/\" class=\"arkitet-portfolio-link\"><img loading=\"lazy\" decoding=\"async\" width=\"768\" height=\"512\" src=\"https:\/\/arkitet.it\/wp-content\/uploads\/2025\/06\/xz5t8529-768x512.jpg\" class=\"arkitet-portfolio-img wp-post-image\" alt=\"\" srcset=\"https:\/\/arkitet.it\/wp-content\/uploads\/2025\/06\/xz5t8529-768x512.jpg 768w, https:\/\/arkitet.it\/wp-content\/uploads\/2025\/06\/xz5t8529-300x200.jpg 300w, https:\/\/arkitet.it\/wp-content\/uploads\/2025\/06\/xz5t8529-600x400.jpg 600w, https:\/\/arkitet.it\/wp-content\/uploads\/2025\/06\/xz5t8529.jpg 1024w\" sizes=\"(max-width: 768px) 100vw, 768px\" \/><div class=\"arkitet-portfolio-overlay\"><div class=\"arkitet-portfolio-overlay-content\"><p class=\"arkitet-portfolio-overlay-categories\">Luoghi di culto<\/p><h3 class=\"arkitet-portfolio-overlay-title\">Monastero di Clausura Serve di Maria<\/h3><\/div><\/div><\/a><\/div><div class=\"arkitet-portfolio-content\"><p class=\"arkitet-portfolio-meta\">Luoghi di culto<\/p><h3 class=\"arkitet-portfolio-title\"><a href=\"https:\/\/arkitet.it\/en\/progetti\/monastero-di-clausura-serve-di-maria\/\" class=\"arkitet-portfolio-title-link\">Monastero di Clausura Serve di Maria<\/a><\/h3><\/div><\/div><\/div><script type=\"application\/json\" class=\"arkitet-portfolio-data\">{\"current_page\":1,\"max_pages\":0,\"found_posts\":6}<\/script>                    <\/div>\n                <\/div>\n                \n                <div class=\"arkitet-portfolio-loading-section\">\n                    <div class=\"arkitet-portfolio-loading\" style=\"display: none;\">\n                        <div class=\"arkitet-loading-spinner\"><\/div>\n                        <p class=\"arkitet-loading-text\">Caricamento...<\/p>\n                    <\/div>\n                <\/div>\n                \n                <div class=\"arkitet-portfolio-no-more-section\">\n                    <div class=\"arkitet-portfolio-no-more\" style=\"display: none;\">\n                        <p class=\"arkitet-no-more-text\">Non ci sono altri elementi da mostrare.<\/p>\n                    <\/div>\n                <\/div>\n                \n            <\/div>\n        <\/div>\n    <\/div>\n    \n    <\/div>\n\t\t\t\t\t\t<\/div>\n\t\t\t\t<\/div>\n\t\t\t\t\t<\/div>\n\t\t<\/div>\n\t\t\t\t\t<\/div>\n\t\t<\/section>\n\t\t\t\t<section class=\"elementor-section elementor-top-section elementor-element elementor-element-a424860 elementor-section-full_width elementor-section-height-default elementor-section-height-default qodef-elementor-content-no\" data-id=\"a424860\" data-element_type=\"section\" data-settings=\"{&quot;background_background&quot;:&quot;classic&quot;}\">\n\t\t\t\t\t\t<div class=\"elementor-container elementor-column-gap-default\">\n\t\t\t\t\t<div class=\"elementor-column elementor-col-50 elementor-top-column elementor-element elementor-element-f843e3e\" data-id=\"f843e3e\" data-element_type=\"column\">\n\t\t\t<div class=\"elementor-widget-wrap elementor-element-populated\">\n\t\t\t\t\t\t<div class=\"elementor-element elementor-element-67568c7 elementor-widget__width-initial elementor-widget elementor-widget-archicon_core_section_title\" data-id=\"67568c7\" data-element_type=\"widget\" data-widget_type=\"archicon_core_section_title.default\">\n\t\t\t\t<div class=\"elementor-widget-container\">\n\t\t\t\t\t<div class=\"qodef-shortcode qodef-m qodef-section-title qodef-alignment--left\"  >\n\t\t\t<h2 class=\"qodef-m-title\" >\n\t<span class=\"qodef-m-title-inner\" >\n\t\t\tArkit.<span class=\"accent\">et<\/span> Studio Professionisti Associati\t\t<\/span>\n\t<\/h2>\n\t\t<\/div>\n\t\t\t\t<\/div>\n\t\t\t\t<\/div>\n\t\t\t\t\t<\/div>\n\t\t<\/div>\n\t\t\t\t<div class=\"elementor-column elementor-col-50 elementor-top-column elementor-element elementor-element-410151b\" data-id=\"410151b\" data-element_type=\"column\">\n\t\t\t<div class=\"elementor-widget-wrap elementor-element-populated\">\n\t\t\t\t\t\t<div class=\"elementor-element elementor-element-693dee9 elementor-widget elementor-widget-archicon_core_accordion\" data-id=\"693dee9\" data-element_type=\"widget\" data-widget_type=\"archicon_core_accordion.default\">\n\t\t\t\t<div class=\"elementor-widget-container\">\n\t\t\t\t\t<div class=\"qodef-shortcode qodef-m qodef-accordion clear qodef-behavior--accordion qodef-layout--simple\">\n\t<h3 class=\"qodef-accordion-title\">\n\t<span class=\"qodef-accordion-number\"><\/span>\n\t<span class=\"qodef-tab-title\">Come nasce<\/span>\n\t<span class=\"qodef-accordion-mark\">\n\t\t<svg class=\"qodef-svg--accordion-arrow\" xmlns=\"http:\/\/www.w3.org\/2000\/svg\" width=\"10.94\" height=\"13.423\" viewBox=\"0 0 10.94 13.423\"><path d=\"M5.516 0v12.51\"\/><path d=\"M10.586 7.6 5.47 12.716.354 7.6\"\/><\/svg>\t<\/span>\n<\/h3>\n<div class=\"qodef-accordion-content\">\n\t<div class=\"qodef-accordion-content-inner\">\n\t\t<p class=\"p1\">Arkitet Studio nasce per volont\u00e0 di tre professionisti di Verona che dopo anni di attivit\u00e0 in collaborazione, accomunati da una visione comune e da una profonda passione per la propria professione, decidono di unire le forze per offrire un servizio ancora pi\u00f9 completo ed organico.<\/p><p class=\"p1\">L\u2019architetto Giancarlo Manni, dall\u2019inizio degli anni \u201980, l\u2019architetto Dal Forno Massimo da met\u00e0 degli anni novanta e l\u2019ingegnere Umberto Domeniconi, dai primi anni duemila, portano in dote allo studio la loro esperienza pluridecennale.<\/p>\t<\/div>\n<\/div>\n<h3 class=\"qodef-accordion-title\">\n\t<span class=\"qodef-accordion-number\"><\/span>\n\t<span class=\"qodef-tab-title\">Come lavoriamo<\/span>\n\t<span class=\"qodef-accordion-mark\">\n\t\t<svg class=\"qodef-svg--accordion-arrow\" xmlns=\"http:\/\/www.w3.org\/2000\/svg\" width=\"10.94\" height=\"13.423\" viewBox=\"0 0 10.94 13.423\"><path d=\"M5.516 0v12.51\"\/><path d=\"M10.586 7.6 5.47 12.716.354 7.6\"\/><\/svg>\t<\/span>\n<\/h3>\n<div class=\"qodef-accordion-content\">\n\t<div class=\"qodef-accordion-content-inner\">\n\t\t<p class=\"p1\">Dopo questi numerosi anni di attivit\u00e0, lo studio, sempre di pi\u00f9, ha maturato la consapevolezza della responsabilit\u00e0 che ha nel creare valore alle persone che si affidano ad Arkitet Studio per progettare e realizzare i loro spazi.<\/p><p class=\"p1\">Coscienti che le sfide attuali per realizzare progetti adeguati agli obiettivi posti dai committenti, rispondenti alle norme in continua evoluzione, con costi di realizzazione competitivi e beneficiando dove possibile di contributi ed incentivi fiscali, compresa le recente possibilit\u00e0 di poter fare la cessione del credito, hanno portato lo studio ad organizzarsi con una rete di collaboratori, sia interna che esterna, in grado di dare risposte adeguate in termini di tempi, costi e soprattutto risultato.<\/p>\t<\/div>\n<\/div>\n<h3 class=\"qodef-accordion-title\">\n\t<span class=\"qodef-accordion-number\"><\/span>\n\t<span class=\"qodef-tab-title\">La nostra visione<\/span>\n\t<span class=\"qodef-accordion-mark\">\n\t\t<svg class=\"qodef-svg--accordion-arrow\" xmlns=\"http:\/\/www.w3.org\/2000\/svg\" width=\"10.94\" height=\"13.423\" viewBox=\"0 0 10.94 13.423\"><path d=\"M5.516 0v12.51\"\/><path d=\"M10.586 7.6 5.47 12.716.354 7.6\"\/><\/svg>\t<\/span>\n<\/h3>\n<div class=\"qodef-accordion-content\">\n\t<div class=\"qodef-accordion-content-inner\">\n\t\t<p class=\"p1\">Gli interventi edilizi non hanno solo un impatto ambientale ma anche sociale, per questo lo studio \u00e8 sempre stato attento alla relazione con i committenti, annoverando tra loro anche molte associazioni ed aziende. Mai come oggi siamo consapevoli che l\u2019impronta di quello che progettiamo ha delle conseguenze, nell\u2019attuale tessuto sociale e nell\u2019ambiente per le future generazioni.<\/p><p class=\"p1\">Supportati da questa visione lo studio ha acquisito, tramite significative esperienze sul campo, competenze progettuali nell\u2019ambito dell\u2019edilizia residenziale, della progettazione di studi odontoiatrici, del restauro e ristrutturazione di edifici di pregio e di luoghi di culto, nella progettazione di interni, nella realizzazione di edifici direzionali ed industriali e di edilizia scolastica.<\/p>\t<\/div>\n<\/div>\n<h3 class=\"qodef-accordion-title\">\n\t<span class=\"qodef-accordion-number\"><\/span>\n\t<span class=\"qodef-tab-title\">L&#039;approccio progettuale<\/span>\n\t<span class=\"qodef-accordion-mark\">\n\t\t<svg class=\"qodef-svg--accordion-arrow\" xmlns=\"http:\/\/www.w3.org\/2000\/svg\" width=\"10.94\" height=\"13.423\" viewBox=\"0 0 10.94 13.423\"><path d=\"M5.516 0v12.51\"\/><path d=\"M10.586 7.6 5.47 12.716.354 7.6\"\/><\/svg>\t<\/span>\n<\/h3>\n<div class=\"qodef-accordion-content\">\n\t<div class=\"qodef-accordion-content-inner\">\n\t\t<p class=\"p1\">L\u2019approccio progettuale multidisciplinare che adottiamo, assieme all\u2019esperienza maturata in molti campi del costruire, ci pone come progettisti in grado di supportare famiglie, aziende, societ\u00e0 immobiliari di costruzione, parrocchie, scuole, enti, istituzioni ed associazioni.<\/p><p class=\"p1\">Fin dalle prime consulenze di valutazione iniziale affianchiamo il committente per cogliere e definire le ipotesi progettuali assieme agli aspetti economici, per proseguire poi nello sviluppo del progetto in tutti i suoi aspetti architettonici e tecnici, compresi quelli burocratici amministrativi, organizzativi e di sicurezza.<\/p><p class=\"p1\">Nella progettazione inoltre vengono proposti, con particolare attenzione, i principi della bioedilizia e del risparmio energetico degli edifici.<\/p>\t<\/div>\n<\/div>\n<h3 class=\"qodef-accordion-title\">\n\t<span class=\"qodef-accordion-number\"><\/span>\n\t<span class=\"qodef-tab-title\">I nostri settori<\/span>\n\t<span class=\"qodef-accordion-mark\">\n\t\t<svg class=\"qodef-svg--accordion-arrow\" xmlns=\"http:\/\/www.w3.org\/2000\/svg\" width=\"10.94\" height=\"13.423\" viewBox=\"0 0 10.94 13.423\"><path d=\"M5.516 0v12.51\"\/><path d=\"M10.586 7.6 5.47 12.716.354 7.6\"\/><\/svg>\t<\/span>\n<\/h3>\n<div class=\"qodef-accordion-content\">\n\t<div class=\"qodef-accordion-content-inner\">\n\t\t<p class=\"p1\">Grazie all\u2019esperienza maturata, ai continui aggiornamenti e al contributo di collaboratori specialistici, Arkitet Studio \u00e8 in grado di coprire tutti gli ambiti legati all\u2019edilizia sia da un punto di vista progettuale che autorizzativo.<\/p>\t<\/div>\n<\/div>\n<h3 class=\"qodef-accordion-title\">\n\t<span class=\"qodef-accordion-number\"><\/span>\n\t<span class=\"qodef-tab-title\">Capacit\u00e0 e strumenti<\/span>\n\t<span class=\"qodef-accordion-mark\">\n\t\t<svg class=\"qodef-svg--accordion-arrow\" xmlns=\"http:\/\/www.w3.org\/2000\/svg\" width=\"10.94\" height=\"13.423\" viewBox=\"0 0 10.94 13.423\"><path d=\"M5.516 0v12.51\"\/><path d=\"M10.586 7.6 5.47 12.716.354 7.6\"\/><\/svg>\t<\/span>\n<\/h3>\n<div class=\"qodef-accordion-content\">\n\t<div class=\"qodef-accordion-content-inner\">\n\t\t<p class=\"p1\">Lo studio ha sempre posto attenzione all\u2019aggiornamento professionale, tecnico e software, adottando le pi\u00f9 attuali soluzioni disponibili. I tre soci dello studio sono affiancati da collaboratori con diverse capacit\u00e0, quali architetti, disegnatori cad e di simulazione grafica con metodologia internazionale BIM (Building Automation Modeling), che supportano le varie fasi del progetto alla luce delle specifiche necessit\u00e0.<\/p><p class=\"p1\">Da decenni lo studio utilizza per la progettazione i programmi Archicad della Graphisoft, proponendo cos\u00ec assieme al progetto bidimensionale, rappresentazioni virtuali che permettono di rendere pi\u00f9 realistica la soluzione progettuale.<\/p>\t<\/div>\n<\/div>\n<\/div>\n\t\t\t\t<\/div>\n\t\t\t\t<\/div>\n\t\t\t\t\t<\/div>\n\t\t<\/div>\n\t\t\t\t\t<\/div>\n\t\t<\/section>\n\t\t\t\t<section class=\"elementor-section elementor-top-section elementor-element elementor-element-e3d47c2 elementor-section-full_width elementor-hidden-desktop elementor-hidden-tablet elementor-hidden-mobile elementor-section-height-default elementor-section-height-default qodef-elementor-content-no\" data-id=\"e3d47c2\" data-element_type=\"section\">\n\t\t\t\t\t\t<div class=\"elementor-container elementor-column-gap-default\">\n\t\t\t\t\t<div class=\"elementor-column elementor-col-50 elementor-top-column elementor-element elementor-element-f159c0e\" data-id=\"f159c0e\" data-element_type=\"column\">\n\t\t\t<div class=\"elementor-widget-wrap elementor-element-populated\">\n\t\t\t\t\t\t<div class=\"elementor-element elementor-element-c18bf1c elementor-widget__width-initial elementor-widget elementor-widget-archicon_core_section_title\" data-id=\"c18bf1c\" data-element_type=\"widget\" data-widget_type=\"archicon_core_section_title.default\">\n\t\t\t\t<div class=\"elementor-widget-container\">\n\t\t\t\t\t<div class=\"qodef-shortcode qodef-m qodef-section-title qodef-alignment--left\"  >\n\t\t\t<h2 class=\"qodef-m-title\" >\n\t<span class=\"qodef-m-title-inner\" >\n\t\t\tArkit.<span class=\"accent\">et<\/span> Studio Professionisti Associati\t\t<\/span>\n\t<\/h2>\n\t\t<\/div>\n\t\t\t\t<\/div>\n\t\t\t\t<\/div>\n\t\t\t\t\t<\/div>\n\t\t<\/div>\n\t\t\t\t<div class=\"elementor-column elementor-col-50 elementor-top-column elementor-element elementor-element-5e4d523\" data-id=\"5e4d523\" data-element_type=\"column\">\n\t\t\t<div class=\"elementor-widget-wrap elementor-element-populated\">\n\t\t\t\t\t\t<div class=\"elementor-element elementor-element-95bffae elementor-widget elementor-widget-archicon_core_accordion\" data-id=\"95bffae\" data-element_type=\"widget\" data-widget_type=\"archicon_core_accordion.default\">\n\t\t\t\t<div class=\"elementor-widget-container\">\n\t\t\t\t\t<div class=\"qodef-shortcode qodef-m qodef-accordion clear qodef-behavior--accordion qodef-layout--simple\">\n\t<h3 class=\"qodef-accordion-title\">\n\t<span class=\"qodef-accordion-number\"><\/span>\n\t<span class=\"qodef-tab-title\">Consulenza strategica<\/span>\n\t<span class=\"qodef-accordion-mark\">\n\t\t<svg class=\"qodef-svg--accordion-arrow\" xmlns=\"http:\/\/www.w3.org\/2000\/svg\" width=\"10.94\" height=\"13.423\" viewBox=\"0 0 10.94 13.423\"><path d=\"M5.516 0v12.51\"\/><path d=\"M10.586 7.6 5.47 12.716.354 7.6\"\/><\/svg>\t<\/span>\n<\/h3>\n<div class=\"qodef-accordion-content\">\n\t<div class=\"qodef-accordion-content-inner\">\n\t\t<p>Fin dalle prime consulenze di valutazione iniziale possiamo aiutare il committente ad inquadrare le possibilit\u00e0 progettuali assieme ad aspetti economici. Questo permette di proseguire poi in modo pi\u00f9 focalizzato nello sviluppo del progetto in tutti i suoi aspetti, compreso quello burocratico ed amministrativo, computazione economica, direzione lavori e sicurezza del cantiere.<\/p>\t<\/div>\n<\/div>\n<h3 class=\"qodef-accordion-title\">\n\t<span class=\"qodef-accordion-number\"><\/span>\n\t<span class=\"qodef-tab-title\">Incentivi fiscali<\/span>\n\t<span class=\"qodef-accordion-mark\">\n\t\t<svg class=\"qodef-svg--accordion-arrow\" xmlns=\"http:\/\/www.w3.org\/2000\/svg\" width=\"10.94\" height=\"13.423\" viewBox=\"0 0 10.94 13.423\"><path d=\"M5.516 0v12.51\"\/><path d=\"M10.586 7.6 5.47 12.716.354 7.6\"\/><\/svg>\t<\/span>\n<\/h3>\n<div class=\"qodef-accordion-content\">\n\t<div class=\"qodef-accordion-content-inner\">\n\t\t<p>Sin dalla loro approvazione, lo studio \u00e8 stato in grado di supportare i committenti nell\u2019accesso agli incentivi fiscali, portando avanti quest\u2019esperienza nei vari anni, fino alle vigenti norme che permettono significativi bonus fiscali oltre al fatto di poter fare l\u2019eventuale cessione del credito.<\/p>\t<\/div>\n<\/div>\n<h3 class=\"qodef-accordion-title\">\n\t<span class=\"qodef-accordion-number\"><\/span>\n\t<span class=\"qodef-tab-title\">Progettazione integrata<\/span>\n\t<span class=\"qodef-accordion-mark\">\n\t\t<svg class=\"qodef-svg--accordion-arrow\" xmlns=\"http:\/\/www.w3.org\/2000\/svg\" width=\"10.94\" height=\"13.423\" viewBox=\"0 0 10.94 13.423\"><path d=\"M5.516 0v12.51\"\/><path d=\"M10.586 7.6 5.47 12.716.354 7.6\"\/><\/svg>\t<\/span>\n<\/h3>\n<div class=\"qodef-accordion-content\">\n\t<div class=\"qodef-accordion-content-inner\">\n\t\t<p>Grazie a rapporti pluriennali sviluppati con altri professionisti del settore possiamo offrire un servizio completo che riguardi aspetti della progettazione impiantistica, catastale, sicurezza ambientale, nonch\u00e9 amministrativa e condominiale.In questo modo possiamo dare un servizio che sollevi il committente da gravosi e complicati adempimenti raggiungendo nello stesso tempo importanti economie nei costi.Alcune importanti aziende si affidano ad Arkitet Studio quale referente tecnico di fiducia per gestire in tutte le sue fasi gli ampliamenti e trasformazioni sia per le infrastrutture produttive che le parti di servizio e terziario. La funzione \u00e8 quella di facility manager in modo da essere l'unico interlocutore per il committente che in questo modo pu\u00f2 continuare a dedicarsi principalmente al proprio business.<\/p>\t<\/div>\n<\/div>\n<h3 class=\"qodef-accordion-title\">\n\t<span class=\"qodef-accordion-number\"><\/span>\n\t<span class=\"qodef-tab-title\">Consulenza tecnica di ufficio<\/span>\n\t<span class=\"qodef-accordion-mark\">\n\t\t<svg class=\"qodef-svg--accordion-arrow\" xmlns=\"http:\/\/www.w3.org\/2000\/svg\" width=\"10.94\" height=\"13.423\" viewBox=\"0 0 10.94 13.423\"><path d=\"M5.516 0v12.51\"\/><path d=\"M10.586 7.6 5.47 12.716.354 7.6\"\/><\/svg>\t<\/span>\n<\/h3>\n<div class=\"qodef-accordion-content\">\n\t<div class=\"qodef-accordion-content-inner\">\n\t\t<p>Arkitet Studio opera anche nel settore delle Consulenze Tecniche di Ufficio per il Tribunale di Verona collaborando inoltre con studi legali del territorio o direttamente con il cliente in qualit\u00e0 di periti di parte nelle controversie legali.<\/p><p>L\u2019esperienza maturata in tale ambito pone l\u2019Arkitet Studio a servizio del cliente anche come perito e\/o consulente per la redazione di perizie riguardanti ogni ambito del mondo edilizio.<\/p>\t<\/div>\n<\/div>\n<\/div>\n\t\t\t\t<\/div>\n\t\t\t\t<\/div>\n\t\t\t\t\t<\/div>\n\t\t<\/div>\n\t\t\t\t\t<\/div>\n\t\t<\/section>\n\t\t\t\t<section class=\"elementor-section elementor-top-section elementor-element elementor-element-e51fdff elementor-section-full_width elementor-section-stretched elementor-section-height-default elementor-section-height-default qodef-elementor-content-no\" data-id=\"e51fdff\" data-element_type=\"section\" data-settings=\"{&quot;background_background&quot;:&quot;slideshow&quot;,&quot;stretch_section&quot;:&quot;section-stretched&quot;,&quot;background_slideshow_gallery&quot;:[],&quot;background_slideshow_loop&quot;:&quot;yes&quot;,&quot;background_slideshow_slide_duration&quot;:5000,&quot;background_slideshow_slide_transition&quot;:&quot;fade&quot;,&quot;background_slideshow_transition_duration&quot;:500}\">\n\t\t\t\t\t\t<div class=\"elementor-container elementor-column-gap-extended\">\n\t\t\t\t\t<div class=\"elementor-column elementor-col-100 elementor-top-column elementor-element elementor-element-a9792c3\" data-id=\"a9792c3\" data-element_type=\"column\">\n\t\t\t<div class=\"elementor-widget-wrap elementor-element-populated\">\n\t\t\t\t\t\t<div class=\"elementor-element elementor-element-551f146 elementor-widget__width-initial elementor-widget elementor-widget-archicon_core_section_title\" data-id=\"551f146\" data-element_type=\"widget\" data-widget_type=\"archicon_core_section_title.default\">\n\t\t\t\t<div class=\"elementor-widget-container\">\n\t\t\t\t\t<div class=\"qodef-shortcode qodef-m qodef-section-title qodef-alignment--left\"  >\n\t\t\t<h5 class=\"qodef-m-title\" style=\"color: #FFFFFF;text-transform: uppercase\">\n\t<span class=\"qodef-m-title-inner\" style=\"--qodef-st-custom-fs-1680: 50px;--qodef-st-custom-lh-1680: 1;--qodef-st-custom-fs-1440: 50px;--qodef-st-custom-lh-1440: 1;--qodef-st-custom-fs-1366: 50px;--qodef-st-custom-lh-1366: 1;--qodef-st-custom-fs-1024: 50px;--qodef-st-custom-lh-1024: 1;--qodef-st-custom-fs-768: 50px;--qodef-st-custom-lh-768: 1;--qodef-st-custom-lh: 50px\">\n\t\t\t\u201cLo scopo dell'architettura \u00e8 di proteggere e migliorare la vita dell'uomo sulla terra, per appagare il suo credo nella nobilt\u00e0 della sua esistenza.\u201d\t\t<\/span>\n\t<\/h5>\n\t\t<\/div>\n\t\t\t\t<\/div>\n\t\t\t\t<\/div>\n\t\t\t\t<div class=\"elementor-element elementor-element-e85d510 elementor-absolute elementor-widget elementor-widget-text-editor\" data-id=\"e85d510\" data-element_type=\"widget\" data-settings=\"{&quot;_position&quot;:&quot;absolute&quot;}\" data-widget_type=\"text-editor.default\">\n\t\t\t\t<div class=\"elementor-widget-container\">\n\t\t\t\t\t\t\t\t\t<p><em>-Eliel Saarinen<\/em><\/p>\t\t\t\t\t\t\t\t<\/div>\n\t\t\t\t<\/div>\n\t\t\t\t\t<\/div>\n\t\t<\/div>\n\t\t\t\t\t<\/div>\n\t\t<\/section>\n\t\t\t\t<section class=\"elementor-section elementor-top-section elementor-element elementor-element-f107fc5 elementor-section-full_width elementor-section-height-default elementor-section-height-default qodef-elementor-content-no\" data-id=\"f107fc5\" data-element_type=\"section\">\n\t\t\t\t\t\t<div class=\"elementor-container elementor-column-gap-default\">\n\t\t\t\t\t<div class=\"elementor-column elementor-col-50 elementor-top-column elementor-element elementor-element-aefc4f5\" data-id=\"aefc4f5\" data-element_type=\"column\">\n\t\t\t<div class=\"elementor-widget-wrap elementor-element-populated\">\n\t\t\t\t\t\t<div class=\"elementor-element elementor-element-adf24fe elementor-widget__width-initial elementor-widget elementor-widget-archicon_core_section_title\" data-id=\"adf24fe\" data-element_type=\"widget\" data-widget_type=\"archicon_core_section_title.default\">\n\t\t\t\t<div class=\"elementor-widget-container\">\n\t\t\t\t\t<div class=\"qodef-shortcode qodef-m qodef-section-title qodef-alignment--left\"  >\n\t\t\t<h2 class=\"qodef-m-title\" >\n\t<span class=\"qodef-m-title-inner\" >\n\t\t\tArkit.<span class=\"accent\">et<\/span> Studio in numeri\t\t<\/span>\n\t<\/h2>\n\t\t<\/div>\n\t\t\t\t<\/div>\n\t\t\t\t<\/div>\n\t\t\t\t\t<\/div>\n\t\t<\/div>\n\t\t\t\t<div class=\"elementor-column elementor-col-50 elementor-top-column elementor-element elementor-element-0871d01\" data-id=\"0871d01\" data-element_type=\"column\">\n\t\t\t<div class=\"elementor-widget-wrap elementor-element-populated\">\n\t\t\t\t\t\t<section class=\"elementor-section elementor-inner-section elementor-element elementor-element-f614cac elementor-section-boxed elementor-section-height-default elementor-section-height-default qodef-elementor-content-no\" data-id=\"f614cac\" data-element_type=\"section\">\n\t\t\t\t\t\t<div class=\"elementor-container elementor-column-gap-default\">\n\t\t\t\t\t<div class=\"elementor-column elementor-col-50 elementor-inner-column elementor-element elementor-element-3a1d2b5\" data-id=\"3a1d2b5\" data-element_type=\"column\">\n\t\t\t<div class=\"elementor-widget-wrap elementor-element-populated\">\n\t\t\t\t\t\t<div class=\"elementor-element elementor-element-89d3448 elementor-widget__width-initial elementor-widget elementor-widget-archicon_core_counter\" data-id=\"89d3448\" data-element_type=\"widget\" data-widget_type=\"archicon_core_counter.default\">\n\t\t\t\t<div class=\"elementor-widget-container\">\n\t\t\t\t\t<div class=\"qodef-shortcode qodef-m qodef-counter qodef-layout--simple\" data-end-digit=\"45\" data-step-delay=\"5\">\n\t<div class=\"qodef-m-digit-wrapper\">\n\t\t<span class=\"qodef-m-digit\" ><\/span>\n\t<\/div>\n\t<div class=\"qodef-m-content\" >\n\t\t\t\t\t<p class=\"qodef-m-text\" >Anni di esperienza<\/p>\n\t<\/div>\n<\/div>\n\t\t\t\t<\/div>\n\t\t\t\t<\/div>\n\t\t\t\t<div class=\"elementor-element elementor-element-850e588 elementor-widget__width-initial elementor-widget elementor-widget-archicon_core_counter\" data-id=\"850e588\" data-element_type=\"widget\" data-widget_type=\"archicon_core_counter.default\">\n\t\t\t\t<div class=\"elementor-widget-container\">\n\t\t\t\t\t<div class=\"qodef-shortcode qodef-m qodef-counter qodef-layout--simple\" data-end-digit=\"229\" data-step-delay=\"5\">\n\t<div class=\"qodef-m-digit-wrapper\">\n\t\t<span class=\"qodef-m-digit\" ><\/span>\n\t<\/div>\n\t<div class=\"qodef-m-content\" >\n\t\t\t\t\t<p class=\"qodef-m-text\" >Progetti Residenziali<\/p>\n\t<\/div>\n<\/div>\n\t\t\t\t<\/div>\n\t\t\t\t<\/div>\n\t\t\t\t<div class=\"elementor-element elementor-element-091dd70 elementor-widget__width-initial elementor-widget elementor-widget-archicon_core_counter\" data-id=\"091dd70\" data-element_type=\"widget\" data-widget_type=\"archicon_core_counter.default\">\n\t\t\t\t<div class=\"elementor-widget-container\">\n\t\t\t\t\t<div class=\"qodef-shortcode qodef-m qodef-counter qodef-layout--simple\" data-end-digit=\"23\" data-step-delay=\"5\">\n\t<div class=\"qodef-m-digit-wrapper\">\n\t\t<span class=\"qodef-m-digit\" ><\/span>\n\t<\/div>\n\t<div class=\"qodef-m-content\" >\n\t\t\t\t\t<p class=\"qodef-m-text\" >Edifici storici <\/p>\n\t<\/div>\n<\/div>\n\t\t\t\t<\/div>\n\t\t\t\t<\/div>\n\t\t\t\t<div class=\"elementor-element elementor-element-372419a elementor-widget__width-initial elementor-widget elementor-widget-archicon_core_counter\" data-id=\"372419a\" data-element_type=\"widget\" data-widget_type=\"archicon_core_counter.default\">\n\t\t\t\t<div class=\"elementor-widget-container\">\n\t\t\t\t\t<div class=\"qodef-shortcode qodef-m qodef-counter qodef-layout--simple\" data-end-digit=\"54\" data-step-delay=\"5\">\n\t<div class=\"qodef-m-digit-wrapper\">\n\t\t<span class=\"qodef-m-digit\" ><\/span>\n\t<\/div>\n\t<div class=\"qodef-m-content\" >\n\t\t\t\t\t<p class=\"qodef-m-text\" >Progetti per edifici produttivi\/terziario <\/p>\n\t<\/div>\n<\/div>\n\t\t\t\t<\/div>\n\t\t\t\t<\/div>\n\t\t\t\t\t<\/div>\n\t\t<\/div>\n\t\t\t\t<div class=\"elementor-column elementor-col-50 elementor-inner-column elementor-element elementor-element-b38b299\" data-id=\"b38b299\" data-element_type=\"column\">\n\t\t\t<div class=\"elementor-widget-wrap elementor-element-populated\">\n\t\t\t\t\t\t<div class=\"elementor-element elementor-element-b60e8ff elementor-widget__width-initial elementor-widget elementor-widget-archicon_core_counter\" data-id=\"b60e8ff\" data-element_type=\"widget\" data-widget_type=\"archicon_core_counter.default\">\n\t\t\t\t<div class=\"elementor-widget-container\">\n\t\t\t\t\t<div class=\"qodef-shortcode qodef-m qodef-counter qodef-layout--simple\" data-end-digit=\"10\" data-step-delay=\"5\">\n\t<div class=\"qodef-m-digit-wrapper\">\n\t\t<span class=\"qodef-m-digit\" ><\/span>\n\t<\/div>\n\t<div class=\"qodef-m-content\" >\n\t\t\t\t\t<p class=\"qodef-m-text\" >Collaboratori<\/p>\n\t<\/div>\n<\/div>\n\t\t\t\t<\/div>\n\t\t\t\t<\/div>\n\t\t\t\t<div class=\"elementor-element elementor-element-8740db0 elementor-widget__width-initial elementor-widget elementor-widget-archicon_core_counter\" data-id=\"8740db0\" data-element_type=\"widget\" data-widget_type=\"archicon_core_counter.default\">\n\t\t\t\t<div class=\"elementor-widget-container\">\n\t\t\t\t\t<div class=\"qodef-shortcode qodef-m qodef-counter qodef-layout--simple\" data-end-digit=\"68\" data-step-delay=\"5\">\n\t<div class=\"qodef-m-digit-wrapper\">\n\t\t<span class=\"qodef-m-digit\" ><\/span>\n\t<\/div>\n\t<div class=\"qodef-m-content\" >\n\t\t\t\t\t<p class=\"qodef-m-text\" >Progetti per Luoghi di culto<\/p>\n\t<\/div>\n<\/div>\n\t\t\t\t<\/div>\n\t\t\t\t<\/div>\n\t\t\t\t<div class=\"elementor-element elementor-element-a2c63ba elementor-widget__width-initial elementor-widget elementor-widget-archicon_core_counter\" data-id=\"a2c63ba\" data-element_type=\"widget\" data-widget_type=\"archicon_core_counter.default\">\n\t\t\t\t<div class=\"elementor-widget-container\">\n\t\t\t\t\t<div class=\"qodef-shortcode qodef-m qodef-counter qodef-layout--simple\" data-end-digit=\"199\" data-step-delay=\"5\">\n\t<div class=\"qodef-m-digit-wrapper\">\n\t\t<span class=\"qodef-m-digit\" ><\/span>\n\t<\/div>\n\t<div class=\"qodef-m-content\" >\n\t\t\t\t\t<p class=\"qodef-m-text\" >Progetti per studi odontoiatrici <\/p>\n\t<\/div>\n<\/div>\n\t\t\t\t<\/div>\n\t\t\t\t<\/div>\n\t\t\t\t<div class=\"elementor-element elementor-element-6cc3a1b elementor-widget__width-initial elementor-widget elementor-widget-archicon_core_counter\" data-id=\"6cc3a1b\" data-element_type=\"widget\" data-widget_type=\"archicon_core_counter.default\">\n\t\t\t\t<div class=\"elementor-widget-container\">\n\t\t\t\t\t<div class=\"qodef-shortcode qodef-m qodef-counter qodef-layout--simple\" data-end-digit=\"146\" data-step-delay=\"5\">\n\t<div class=\"qodef-m-digit-wrapper\">\n\t\t<span class=\"qodef-m-digit\" ><\/span>\n\t<\/div>\n\t<div class=\"qodef-m-content\" >\n\t\t\t\t\t<p class=\"qodef-m-text\" >Altri lavori<\/p>\n\t<\/div>\n<\/div>\n\t\t\t\t<\/div>\n\t\t\t\t<\/div>\n\t\t\t\t\t<\/div>\n\t\t<\/div>\n\t\t\t\t\t<\/div>\n\t\t<\/section>\n\t\t\t\t\t<\/div>\n\t\t<\/div>\n\t\t\t\t\t<\/div>\n\t\t<\/section>\n\t\t\t\t<section class=\"elementor-section elementor-top-section elementor-element elementor-element-901eb22 elementor-section-boxed elementor-section-height-default elementor-section-height-default qodef-elementor-content-no\" data-id=\"901eb22\" data-element_type=\"section\">\n\t\t\t\t\t\t<div class=\"elementor-container elementor-column-gap-default\">\n\t\t\t\t\t<div class=\"elementor-column elementor-col-33 elementor-top-column elementor-element elementor-element-87e0953\" data-id=\"87e0953\" data-element_type=\"column\">\n\t\t\t<div class=\"elementor-widget-wrap\">\n\t\t\t\t\t\t\t<\/div>\n\t\t<\/div>\n\t\t\t\t<div class=\"elementor-column elementor-col-33 elementor-top-column elementor-element elementor-element-a0026db\" data-id=\"a0026db\" data-element_type=\"column\">\n\t\t\t<div class=\"elementor-widget-wrap\">\n\t\t\t\t\t\t\t<\/div>\n\t\t<\/div>\n\t\t\t\t<div class=\"elementor-column elementor-col-33 elementor-top-column elementor-element elementor-element-cfcb50c\" data-id=\"cfcb50c\" data-element_type=\"column\">\n\t\t\t<div class=\"elementor-widget-wrap\">\n\t\t\t\t\t\t\t<\/div>\n\t\t<\/div>\n\t\t\t\t\t<\/div>\n\t\t<\/section>\n\t\t\t\t<\/div>\n\t\t","protected":false},"excerpt":{"rendered":"<p>Lo studio nel corso degli anni di attivit\u00e0 ha acquisito notevole esperienza anche in ambiti molto diversi. \u00c8 quindi in grado di offrire una consulenza a 360\u00b0 riguardo il mondo del costruire. Residenziale L&#039;ambiente interno \u00e8 l&#039;espressione ultima del vivere lo spazio, generato dal progetto architettonico complessivo, che lo studio ha avuto modo di sviluppare [&hellip;]<\/p>\n","protected":false},"author":1,"featured_media":0,"parent":0,"menu_order":0,"comment_status":"closed","ping_status":"closed","template":"page-full-width.php","meta":{"_acf_changed":false,"inline_featured_image":false,"footnotes":""},"class_list":["post-13707","page","type-page","status-publish","hentry"],"acf":[],"yoast_head":"<!-- This site is optimized with the Yoast SEO plugin v25.8 - https:\/\/yoast.com\/wordpress\/plugins\/seo\/ -->\n<title>Home - Arkitet<\/title>\n<meta name=\"robots\" content=\"index, follow, max-snippet:-1, max-image-preview:large, max-video-preview:-1\" \/>\n<link rel=\"canonical\" href=\"https:\/\/arkitet.it\/en\/\" \/>\n<meta property=\"og:locale\" content=\"en_US\" \/>\n<meta property=\"og:type\" content=\"article\" \/>\n<meta property=\"og:title\" content=\"Home - Arkitet\" \/>\n<meta property=\"og:description\" content=\"Lo studio nel corso degli anni di attivit\u00e0 ha acquisito notevole esperienza anche in ambiti molto diversi. \u00c8 quindi in grado di offrire una consulenza a 360\u00b0 riguardo il mondo del costruire. Residenziale L&#039;ambiente interno \u00e8 l&#039;espressione ultima del vivere lo spazio, generato dal progetto architettonico complessivo, che lo studio ha avuto modo di sviluppare [&hellip;]\" \/>\n<meta property=\"og:url\" content=\"https:\/\/arkitet.it\/en\/\" \/>\n<meta property=\"og:site_name\" content=\"Arkitet\" \/>\n<meta property=\"article:modified_time\" content=\"2025-09-22T08:37:44+00:00\" \/>\n<meta property=\"og:image\" content=\"https:\/\/arkitet.it\/wp-content\/uploads\/2023\/03\/icona-residenziale.svg\" \/>\n<meta name=\"twitter:card\" content=\"summary_large_image\" \/>\n<meta name=\"twitter:label1\" content=\"Est. reading time\" \/>\n\t<meta name=\"twitter:data1\" content=\"9 minutes\" \/>\n<script type=\"application\/ld+json\" class=\"yoast-schema-graph\">{\"@context\":\"https:\/\/schema.org\",\"@graph\":[{\"@type\":\"WebPage\",\"@id\":\"https:\/\/arkitet.it\/\",\"url\":\"https:\/\/arkitet.it\/\",\"name\":\"Home - Arkitet\",\"isPartOf\":{\"@id\":\"https:\/\/arkitet.it\/#website\"},\"primaryImageOfPage\":{\"@id\":\"https:\/\/arkitet.it\/#primaryimage\"},\"image\":{\"@id\":\"https:\/\/arkitet.it\/#primaryimage\"},\"thumbnailUrl\":\"https:\/\/arkitet.it\/wp-content\/uploads\/2023\/03\/icona-residenziale.svg\",\"datePublished\":\"2022-03-31T07:39:07+00:00\",\"dateModified\":\"2025-09-22T08:37:44+00:00\",\"breadcrumb\":{\"@id\":\"https:\/\/arkitet.it\/#breadcrumb\"},\"inLanguage\":\"en-US\",\"potentialAction\":[{\"@type\":\"ReadAction\",\"target\":[\"https:\/\/arkitet.it\/\"]}]},{\"@type\":\"ImageObject\",\"inLanguage\":\"en-US\",\"@id\":\"https:\/\/arkitet.it\/#primaryimage\",\"url\":\"https:\/\/arkitet.it\/wp-content\/uploads\/2023\/03\/icona-residenziale.svg\",\"contentUrl\":\"https:\/\/arkitet.it\/wp-content\/uploads\/2023\/03\/icona-residenziale.svg\"},{\"@type\":\"BreadcrumbList\",\"@id\":\"https:\/\/arkitet.it\/#breadcrumb\",\"itemListElement\":[{\"@type\":\"ListItem\",\"position\":1,\"name\":\"Home\",\"item\":\"https:\/\/arkitet.it\/\"},{\"@type\":\"ListItem\",\"position\":2,\"name\":\"Home\"}]},{\"@type\":\"WebSite\",\"@id\":\"https:\/\/arkitet.it\/#website\",\"url\":\"https:\/\/arkitet.it\/\",\"name\":\"Arkitet\",\"description\":\"\",\"potentialAction\":[{\"@type\":\"SearchAction\",\"target\":{\"@type\":\"EntryPoint\",\"urlTemplate\":\"https:\/\/arkitet.it\/?s={search_term_string}\"},\"query-input\":{\"@type\":\"PropertyValueSpecification\",\"valueRequired\":true,\"valueName\":\"search_term_string\"}}],\"inLanguage\":\"en-US\"}]}<\/script>\n<!-- \/ Yoast SEO plugin. -->","yoast_head_json":{"title":"Home - Arkitet","robots":{"index":"index","follow":"follow","max-snippet":"max-snippet:-1","max-image-preview":"max-image-preview:large","max-video-preview":"max-video-preview:-1"},"canonical":"https:\/\/arkitet.it\/en\/","og_locale":"en_US","og_type":"article","og_title":"Home - Arkitet","og_description":"Lo studio nel corso degli anni di attivit\u00e0 ha acquisito notevole esperienza anche in ambiti molto diversi. \u00c8 quindi in grado di offrire una consulenza a 360\u00b0 riguardo il mondo del costruire. Residenziale L&#039;ambiente interno \u00e8 l&#039;espressione ultima del vivere lo spazio, generato dal progetto architettonico complessivo, che lo studio ha avuto modo di sviluppare [&hellip;]","og_url":"https:\/\/arkitet.it\/en\/","og_site_name":"Arkitet","article_modified_time":"2025-09-22T08:37:44+00:00","og_image":[{"url":"https:\/\/arkitet.it\/wp-content\/uploads\/2023\/03\/icona-residenziale.svg","type":"","width":"","height":""}],"twitter_card":"summary_large_image","twitter_misc":{"Est. reading time":"9 minutes"},"schema":{"@context":"https:\/\/schema.org","@graph":[{"@type":"WebPage","@id":"https:\/\/arkitet.it\/","url":"https:\/\/arkitet.it\/","name":"Home - Arkitet","isPartOf":{"@id":"https:\/\/arkitet.it\/#website"},"primaryImageOfPage":{"@id":"https:\/\/arkitet.it\/#primaryimage"},"image":{"@id":"https:\/\/arkitet.it\/#primaryimage"},"thumbnailUrl":"https:\/\/arkitet.it\/wp-content\/uploads\/2023\/03\/icona-residenziale.svg","datePublished":"2022-03-31T07:39:07+00:00","dateModified":"2025-09-22T08:37:44+00:00","breadcrumb":{"@id":"https:\/\/arkitet.it\/#breadcrumb"},"inLanguage":"en-US","potentialAction":[{"@type":"ReadAction","target":["https:\/\/arkitet.it\/"]}]},{"@type":"ImageObject","inLanguage":"en-US","@id":"https:\/\/arkitet.it\/#primaryimage","url":"https:\/\/arkitet.it\/wp-content\/uploads\/2023\/03\/icona-residenziale.svg","contentUrl":"https:\/\/arkitet.it\/wp-content\/uploads\/2023\/03\/icona-residenziale.svg"},{"@type":"BreadcrumbList","@id":"https:\/\/arkitet.it\/#breadcrumb","itemListElement":[{"@type":"ListItem","position":1,"name":"Home","item":"https:\/\/arkitet.it\/"},{"@type":"ListItem","position":2,"name":"Home"}]},{"@type":"WebSite","@id":"https:\/\/arkitet.it\/#website","url":"https:\/\/arkitet.it\/","name":"Arkitet","description":"","potentialAction":[{"@type":"SearchAction","target":{"@type":"EntryPoint","urlTemplate":"https:\/\/arkitet.it\/?s={search_term_string}"},"query-input":{"@type":"PropertyValueSpecification","valueRequired":true,"valueName":"search_term_string"}}],"inLanguage":"en-US"}]}},"_links":{"self":[{"href":"https:\/\/arkitet.it\/en\/wp-json\/wp\/v2\/pages\/13707","targetHints":{"allow":["GET"]}}],"collection":[{"href":"https:\/\/arkitet.it\/en\/wp-json\/wp\/v2\/pages"}],"about":[{"href":"https:\/\/arkitet.it\/en\/wp-json\/wp\/v2\/types\/page"}],"author":[{"embeddable":true,"href":"https:\/\/arkitet.it\/en\/wp-json\/wp\/v2\/users\/1"}],"replies":[{"embeddable":true,"href":"https:\/\/arkitet.it\/en\/wp-json\/wp\/v2\/comments?post=13707"}],"version-history":[{"count":207,"href":"https:\/\/arkitet.it\/en\/wp-json\/wp\/v2\/pages\/13707\/revisions"}],"predecessor-version":[{"id":15174,"href":"https:\/\/arkitet.it\/en\/wp-json\/wp\/v2\/pages\/13707\/revisions\/15174"}],"wp:attachment":[{"href":"https:\/\/arkitet.it\/en\/wp-json\/wp\/v2\/media?parent=13707"}],"curies":[{"name":"wp","href":"https:\/\/api.w.org\/{rel}","templated":true}]}}